{"id":191,"date":"2023-10-10T08:49:16","date_gmt":"2023-10-10T06:49:16","guid":{"rendered":"https:\/\/macnamur.be\/?page_id=191"},"modified":"2026-03-12T14:43:51","modified_gmt":"2026-03-12T13:43:51","slug":"agenda","status":"publish","type":"page","link":"https:\/\/macnamur.be\/index.php\/agenda\/","title":{"rendered":"Activit\u00e9s"},"content":{"rendered":"\n<p>Notre agenda mensuel est en cours de r\u00e9organisation. En attendant, nous vous sugg\u00e9rons de vous r\u00e9f\u00e9rer aux indications horaires pr\u00e9sentes dans chaque pr\u00e9sentation ci-dessous, ainsi que sur les sites respectifs des associations. <\/p>\n\n\n\n<div class=\"wp-block-buttons is-content-justification-center is-layout-flex wp-container-core-buttons-is-layout-16018d1d wp-block-buttons-is-layout-flex\">\n<div class=\"wp-block-button\"><a class=\"wp-block-button__link wp-element-button\" href=\"https:\/\/www.facebook.com\/macnamur\">Activit\u00e9s<\/a><\/div>\n<\/div>\n\n\n\n<p><\/p>\n\n\n\n<div class=\"wp-block-group\"><div class=\"wp-block-group__inner-container is-layout-constrained wp-block-group-is-layout-constrained\">\n<h6 class=\"wp-block-heading\">Pr\u00e9sentation des associations<\/h6>\n\n\n\n<p class=\"has-normal-font-size\"><strong><em>Activ&rsquo;elles asbl<\/em><\/strong><\/p>\n\n\n\n<p class=\"has-small-font-size\">Activ&rsquo;elles organise des activit\u00e9s sportives et de loisirs pour et par des lesbiennes. Durant leur papote, il y a un espace de parole o\u00f9 elles partagent leurs passions, leurs loisirs et plaisirs. La papote d&rsquo;Activ&rsquo;elles est organis\u00e9e <strong>tous les 1er vendredis du mois \u00e0 18h30<\/strong>.<\/p>\n\n\n\n<p class=\"has-small-font-size\"><em>\u2022 Adresse e-mail : <\/em><a href=\"mailto:activelles@gmail.com\" target=\"_blank\" rel=\"noreferrer noopener\"><em>activelles@gmail.com<\/em><\/a><br><em>\u2022 Site internet : www.activelles.com<br>\u2022 Facebook : <a href=\"https:\/\/www.facebook.com\/Activellespourelles.asbl\">https:\/\/www.facebook.com\/Activellespourelles.asbl <\/a><br>\u2022 Adresse\u00a0: Rue Eug\u00e8ne Hambursin, 13 <em>\u2013<\/em> 5000 Namur<\/em><\/p>\n\n\n\n<p><strong><em>Caf\u00e9 Poly<\/em><\/strong><\/p>\n\n\n\n<p class=\"has-small-font-size\">Il s&rsquo;agit de caf\u00e9s-poly sur mode \u00ab\u00a0ap\u00e9ro du dimanche\u00a0\u00bb. Ces caf\u00e9s permettent un espace-temps de partage libre et autog\u00e9r\u00e9 de parole autour du th\u00e8me qui\u00a0 les rassemble : le polyamour. Les caf\u00e9s poly s&rsquo;organisent <strong>tous les 3\u00e8me dimanches du mois<\/strong>.<br><em><br>\u2022 Adresse e-mail : <\/em><a href=\"mailto:namur@polyamour.be\">namur@polyamour.be<\/a><em><br>\u2022 Site internet : <\/em><a href=\"https:\/\/polyamour.be\/\">https:\/\/polyamour.be\/<\/a><em><br>\u2022 Adresse : Rue Eug\u00e8ne Hambursin, 13 <em>\u2013<\/em> 5000 Namur <\/em><\/p>\n<\/div><\/div>\n\n\n\n<p class=\"has-normal-font-size\"><strong><em>CCL<\/em><\/strong><\/p>\n\n\n\n<p class=\"has-small-font-size\"><strong>La Communaut\u00e9 du Christ Lib\u00e9rateur<\/strong> est un groupe de chr\u00e9tiens et chr\u00e9tiennes homosexuel\u00b7les qui ont voulu cr\u00e9er un espace convivial et accueillant \u00e0 tous ceux qui d\u00e9sirent que leur homosexualit\u00e9 soit un \u00ab\u00a0plus\u00a0\u00bb dans leur vie. Les r\u00e9unions de la CCL s&rsquo;organisent <strong>tous les 3\u00e8me vendredis du mois \u00e0 19h30<\/strong> et s&rsquo;ach\u00e8vent souvent par un repas au sein m\u00eame de la maison Arc-en-ciel . Chaque mois une th\u00e9matique est abord\u00e9e.<br><em><br>&#8211; Adresse e-mail : <\/em><a href=\"mailto:namur@ccl-be.net\">namur@ccl-be.net<\/a><em><br>&#8211; Site internet : <\/em><a href=\"https:\/\/ccl-be.net\/\">https:\/\/ccl-be.net\/<\/a><em><br>&#8211; Num\u00e9ro de t\u00e9l\u00e9phone : 0498 22 31 40<br>&#8211; Adresse\u00a0: Rue Eug\u00e8ne Hambursin, 13 \u2013 5000 Namur<\/em><\/p>\n\n\n\n<p class=\"has-normal-font-size\"><strong><em>Collectif 8 mars<\/em><\/strong><\/p>\n\n\n\n<p class=\"has-small-font-size\">Le Collectif se rassemble autour de revendications communes pour un f\u00e9minisme queer et d\u00e9colonial. Le collectif est politique mais apartisan et s&rsquo;autog\u00e8re en mixit\u00e9 choisie dans le cadre d&rsquo;enjeux LGBTQI* et f\u00e9ministes. Iels militent pour instaurer un changement soci\u00e9tal face aux violences racistes, patriarcales, queerphobes et capitalistes. Depuis 2020, iels organisent une manifestation dans le centre de Namur dans le cadre de la Journ\u00e9e Internationale des Droits des Femmes, le 8 mars de chaque ann\u00e9e.<\/p>\n\n\n\n<p class=\"has-small-font-size\"><em>\u2022 Adresse e-mail\u00a0: <\/em><a href=\"mailto:collectif8marsnamur@protonmail.com\">collectif8marsnamur@protonmail.com<\/a><em><br>\u2022 Facebook\u00a0: <\/em><a href=\"https:\/\/www.facebook.com\/p\/Collectif-8-mars-Namur-100064535390412\/\">https:\/\/www.facebook.com\/p\/Collectif-8-mars-Namur-100064535390412\/<\/a><em><br>\u2022 Instagram\u00a0: <\/em><a href=\"https:\/\/www.instagram.com\/collectif_8_mars_namur\/\">https:\/\/www.instagram.com\/collectif_8_mars_namur\/<\/a><em><br>\u2022 Adresse\u00a0: Rue Eug\u00e8ne Hambursin, 13 <em>\u2013<\/em> 5000 Namur<\/em><br><\/p>\n\n\n\n<p class=\"has-normal-font-size\"><strong><em>PIXIELS asbl<\/em><\/strong><\/p>\n\n\n\n<p class=\"has-small-font-size\">Pixiels (nom pr\u00e9c\u00e9dent : Les CHEFF) sont une organisation de jeunesse qui f\u00e9d\u00e8re plusieurs p\u00f4les associatifs dont les membres sont des jeunes LGBTQIA+. Iels cr\u00e9ent et animent des outils de sensibilisation et de formation autour des th\u00e9matiques LGBTQIA+.<\/p>\n\n\n\n<p class=\"has-small-font-size\"><em>&#8211; Adresse e-mail\u00a0: <\/em><a href=\"mailto:info@pixiels.be\">info@pixiels.be<\/a><em><br>&#8211; Num\u00e9ro de t\u00e9l\u00e9phone\u00a0: 081 22 09 19 <\/em>ou <em>0492 50 38 09<br>&#8211; Facebook\u00a0: <\/em><a href=\"https:\/\/www.facebook.com\/pixiels\">https:\/\/www.facebook.com\/pixiels<\/a><br>&#8211; <em>Adresse\u00a0: Rue Lucien Nam\u00eache, 14 <em>\u2013<\/em> 5000 Namur<\/em><br><\/p>\n\n\n\n<p><strong><em>Chez Marsha<\/em><\/strong><\/p>\n\n\n\n<p class=\"has-small-font-size\">Chez Marsha est un cercle de jeunes namurois de 16 \u00e0 30 ans en non-mixit\u00e9 LGBT. La permanence se passe le <strong>mercredi de 19h \u00e0 00h<\/strong>. Un accueil sp\u00e9cifique est pr\u00e9vu pour les nouvelles personnes \u00e0 <strong>18h<\/strong>.<br><br><em>&#8211; Adresse e-mail\u00a0: <a href=\"mailto:contact.chezmarsha@gmail.com\">contact.chezmarsha@gmail.com<\/a><br>&#8211; Facebook\u00a0: <a href=\"https:\/\/www.facebook.com\/ChezMarshaNamur\">https:\/\/www.facebook.com\/ChezMarshaNamur<\/a><br>&#8211; Instagram\u00a0: <a href=\"https:\/\/www.instagram.com\/chez_marsha\/\n\">https:\/\/www.instagram.com\/chez_marsha\/<br><\/a>&#8211; Adresse\u00a0: Rue de l&rsquo;Arsenal, 5A <em>\u2013<\/em> 5000 Namur<br><\/em><\/p>\n\n\n\n<p class=\"has-normal-font-size\"><strong><em>Espace P<\/em><\/strong><\/p>\n\n\n\n<p class=\"has-small-font-size\">Espace P accompagne les travailleur\u00b7euses du sexe dans leurs d\u00e9marches administratives, sociales ou juridiques. Ils proposent une \u00e9coute bienveillante et non-jugeante et un soutien psychologique au besoin. Ils ont une \u00e9quipe m\u00e9dicale pour fournir des informations, pour une prise de sang de d\u00e9pistage des infections sexuellement transmissibles ou pour une vaccination contre l&rsquo;h\u00e9patite B. <br>Espace P d\u00e9fend les droits des travailleuses et travailleurs du sexe aupr\u00e8s de la soci\u00e9t\u00e9 civile et politique en faisant conna\u00eetre leur expertise de terrain afin de lutter contre la stigmatisation des TDS et en d\u00e9veloppant un manifeste pour la reconnaissance des droits des TDS. Iels font notamment vivre ces enjeux au sein de la Maison arc-en-ciel.<\/p>\n\n\n\n<p class=\"has-small-font-size\"><em>&#8211; Site internet\u00a0: <\/em><a href=\"https:\/\/espacep.be\/\">https:\/\/espacep.be\/<\/a><em><br>&#8211; Facebook\u00a0: <\/em><a href=\"https:\/\/www.facebook.com\/espacep.namur.asbl\">https:\/\/www.facebook.com\/espacep.namur.asbl<\/a><em><br>&#8211; Instagram\u00a0: <\/em><a href=\"https:\/\/www.instagram.com\/espacep.asbl\/\">https:\/\/www.instagram.com\/espacep.asbl\/<\/a><em><br>&#8211; Adresse\u00a0: Rue Eug\u00e8ne Hambursin, 13 <em>\u2013<\/em> 5000 Namur<br><\/em><\/p>\n\n\n\n<p><strong><em>Ex\u00e6quo<\/em><\/strong><\/p>\n\n\n\n<p class=\"has-small-font-size\">Ex\u00e6quo est le partenaire sant\u00e9 (sexuel et mieux-\u00eatre) de tous les hommes qui ont des rapports sexuels avec d&rsquo;autres hommes. Ils effectuent des permanences de d\u00e9pistages VIH\/Syphilis\/VHC <strong>tous les 2\u00e8me mercredis du mois \u00e0 la MAC, de 16h \u00e0 20h<\/strong>. Ces tests sont gratuits, rapides et anonymes. Ces permanences sont l&rsquo;occasion de poser ses questions autour de la sexualit\u00e9, de la sant\u00e9, la consommation de drogues, les IST mais aussi la PreP, TPE, VIH.<br><br>&#8211; <em>Adresse e-mail pour les RDV : <a href=\"mailto:wallonie@exaequo.be\">wallonie@exaequo.be<\/a><br>&#8211; Num\u00e9ro de t\u00e9l\u00e9phone \/ Whatsapp : +32 470 58 23 58<br>&#8211; Site internet\u00a0: <a href=\"https:\/\/www.exaequo.be\">https:\/\/www.exaequo.be<\/a><br>&#8211; Facebook\u00a0: <\/em><a href=\"https:\/\/www.facebook.com\/exaequo.be\">https:\/\/www.facebook.com\/exaequo.be<\/a><em><br>&#8211; Adresse\u00a0: <em>Rue Eug\u00e8ne Hambursin, 13 <em>\u2013<\/em> 5000 Namur <\/em><\/em><\/p>\n\n\n\n<p class=\"has-normal-font-size\"><strong><em>Face \u00e0 toi m\u00eame <\/em><\/strong><\/p>\n\n\n\n<p class=\"has-small-font-size\">Face \u00e0 toi-m\u00eame est une association d&rsquo;entraide et d&rsquo;accompagnement des personnes transgenres. Ils ont une permanence pour parler de leurs exp\u00e9riences communes, d\u00e9di\u00e9e aux personnes concern\u00e9es et leurs proches. Lors des permanences, ils font des activit\u00e9s autour de th\u00e9matiques ludiques. Face \u00e0 toi-m\u00eame s&rsquo;organise <strong>tous les 2\u00e8me jeudis du mois \u00e0 18h30<\/strong>.<br><br><em>&#8211; Adresse e-mail : <\/em><a href=\"mailto:asblfaceatoimeme@outlook.com\">asblfaceatoimeme@outlook.com<\/a><em><br>&#8211; Facebook : <\/em><a href=\"https:\/\/www.facebook.com\/asblfaceatoimeme\">https:\/\/www.facebook.com\/asblfaceatoimeme<\/a><em><br>&#8211; Instagram : <\/em><a href=\"https:\/\/www.instagram.com\/asbl.faceatoimeme\/\">https:\/\/www.instagram.com\/asbl.faceatoimeme\/<\/a><em><br>&#8211; Adresse\u00a0: <em>Rue Eug\u00e8ne Hambursin, 13, 5000 Namur <\/em><\/em><\/p>\n\n\n\n<p><strong><em>Les Fiert\u00e9s Namuroises<\/em><\/strong><\/p>\n\n\n\n<p class=\"has-small-font-size\"><em>L&rsquo;Ap\u00e9ro des Fiert\u00e9s<\/em> est traditionnellement\u00a0organis\u00e9 <strong>le deuxi\u00e8me vendredi du mois\u00a0\u00e0 partir de\u00a017h30<\/strong>. Sous la forme d&rsquo;un after-work participatif et convivial, l&rsquo;ap\u00e9ro se veut \u00eatre un lieu bienveillant d&rsquo;\u00e9change entre pair\u00b7es. L&rsquo;ap\u00e9ro est suivi d&rsquo;un repas \u00e0 prix d\u00e9mocratique pr\u00e9par\u00e9 par les b\u00e9n\u00e9voles de l&rsquo;association.\u00a0<em><br><br>&#8211; Facebook : <\/em><a href=\"https:\/\/www.facebook.com\/groups\/985764886050036\">https:\/\/www.facebook.com\/groups\/985764886050036<\/a><em><br>&#8211; Instagram : <\/em><a href=\"https:\/\/www.instagram.com\/fiertes_namuroises\/\">https:\/\/www.instagram.com\/fiertes_namuroises\/<\/a><em><br>&#8211; Site internet : <\/em><a href=\"https:\/\/www.lesfiertesnamuroises.be\/\">https:\/\/www.lesfiertesnamuroises.be\/<\/a><em><br>&#8211; Adresse e-mail : <\/em><a href=\"mailto:info@fiertesnamuroises.be\">info@fiertesnamuroises.be<\/a><em><br>&#8211; Adresse\u00a0: Rue Eug\u00e8ne Hambursin, 13 <em>\u2013<\/em> 5000 Namur<\/em><\/p>\n\n\n\n<p><strong><em>Genres Pluriels <\/em><\/strong><\/p>\n\n\n\n<p class=\"has-small-font-size\">Genres Pluriels est une association \u0153uvrant au soutien, \u00e0 la visibilisation, \u00e0 la valorisation, \u00e0 l&rsquo;am\u00e9lioration des droits et \u00e0 la lutte contre discriminations qui s&rsquo;exercent \u00e0 l&rsquo;encontre des personnes transgenres\/genres fluides et aux personnes intersexes.<br>Genres Pluriels tient une permanence de rencontres \u00e0 Namur <strong>le 4\u00e8me mercredi de chaque mois de 18 \u00e0 21h<\/strong> o\u00f9 les personnes peuvent venir discuter de leurs exp\u00e9riences communes ou accueillir les personnes concern\u00e9es et\/ou en questionnement ainsi que leur entourage.<br>Genres Pluriels propose \u00e9galement un suivi psychologique individuel, sur rendez-vous, \u00e0 raison de <strong>3 mercredis par mois<\/strong>.<\/p>\n\n\n\n<p class=\"has-small-font-size\"><em>&#8211; Adresse e-mail : <\/em><a href=\"mailto:contact@genrespluriels.be\" target=\"_blank\" rel=\"noreferrer noopener\">contact@genrespluriels.be<\/a><br><em>&#8211; Site internet : <\/em><a href=\"https:\/\/www.genrespluriels.be\">https:\/\/www.genrespluriels.be<\/a><em><br>&#8211; Faceboook : <\/em><a href=\"https:\/\/www.facebook.com\/genres.pluriels\">https:\/\/www.facebook.com\/genres.pluriels<\/a><em><br>&#8211; Accueil et permanence namuroises : <em>Rue Eug\u00e8ne Hambursin, 13 <em>\u2013<\/em> 5000 Namur <\/em><\/em><\/p>\n\n\n\n<p class=\"has-normal-font-size\"><strong><em>Let&rsquo;s Talk About Non Binary<\/em><\/strong><\/p>\n\n\n\n<p class=\"has-small-font-size\">Let\u2019s Talk About Non Binary est un collectif de personnes non binaires, Gender Fluid et Genderqueer, proposant des espaces de rencontre \u00e0 Bruxelles, en Wallonie ainsi qu\u2019en ligne. En r\u00e9ponse \u00e0 un manque de visibilit\u00e9 et de repr\u00e9sentation des personnes non binaires, cette association propose de participer \u00e0 des groupes de discussion o\u00f9 s&rsquo;\u00e9changent exp\u00e9riences et ressources, et o\u00f9 des sorties et \u00e9v\u00e9nements peuvent \u00eatre organis\u00e9s. LTNB propose ainsi une plateforme de rencontre, de partage et de r\u00e9flexion sur les questions de genre, visant une plus grande inclusion et compr\u00e9hension des identit\u00e9s non binaires dans notre soci\u00e9t\u00e9 et notre vie quotidienne. Bas\u00e9 sur Bruxelles, ils font notamment vivre ces enjeux au sein de la Maison arc-en-ciel et r\u00e9alisent des rencontres de temps en temps au sein de notre association.<\/p>\n\n\n\n<p class=\"has-small-font-size\"><em>&#8211; Instagram : <\/em><a href=\"https:\/\/www.instagram.com\/letstalkaboutnonbinary\/\">https:\/\/www.instagram.com\/letstalkaboutnonbinary\/<\/a><br><em>&#8211; Adresse : Rue Eug\u00e8ne Hambursin, 13 <em>\u2013<\/em> 5000 Namur<\/em><\/p>\n\n\n\n<p class=\"has-normal-font-size\"><strong><em>Queer Bubble<\/em><\/strong><\/p>\n\n\n\n<p class=\"has-small-font-size\">Chaque mardi, nous accueillons les personnes d\u00e9sireuses d&rsquo;un moment de convivialit\u00e9 entre pair\u00b7es, concern\u00e9es ou en questionnement sur les th\u00e9matiques Q\/LGBTI+. L&rsquo;accueil se fait <strong>tous les mardis<\/strong> lors de la permanence ouverte de la MAC (13-18h) et peut se prolonger en soir\u00e9e jusque 21h. Il s&rsquo;agit d&rsquo;un moment collectif en mixit\u00e9 LGBTQI+ et d&rsquo;un espace de socialisation autour d&rsquo;une papote (o\u00f9 l&rsquo;on partage un caf\u00e9\/th\u00e9) ou autour d&rsquo;une activit\u00e9 ludique.<br>Chaque semaine, nous essayons de pr\u00e9parer ensemble un repas vegan (gratuit) pour le d\u00e9but de soir\u00e9e.<br><br><em>&#8211; Adresse e-mail : <\/em><a href=\"mailto:info@queerbubble.be\">info@queerbubble.be<\/a> <em><br>&#8211; Num\u00e9ro de t\u00e9l\u00e9phone : 0471 52 44 21<br>&#8211; Facebook : <\/em><a href=\"https:\/\/www.facebook.com\/profile.php?id=100088732623497\">https:\/\/www.facebook.com\/profile.php?id=100088732623497<\/a><br>&#8211;<em>Adresse : Rue Eug\u00e8ne Hambursin, 13 <em>\u2013<\/em> 5000 Namur<\/em><\/p>\n\n\n\n<p><strong><em>QueerGEEK<\/em><\/strong><\/p>\n\n\n\n<p class=\"has-small-font-size\">QueerGEEK vous accueille \u00e0 la Maison Arc-en-ciel <strong>un samedi sur deux de 15 \u00e0 19h<\/strong> pour un moment d\u00e9tendu et convivial de cr\u00e9ation, \u00e9change et discussion autour de jeux vid\u00e9o, s\u00e9ries, films, livres, etc. et leur rapport aux cultures queer et LGBTIA+. <\/p>\n\n\n\n<ul class=\"wp-block-list\">\n<li class=\"has-small-font-size\"><em>Adresse : Rue Eug\u00e8ne Hambursin, 13 <em>\u2013<\/em><\/em> <em>5000 Namur<\/em><\/li>\n\n\n\n<li class=\"has-small-font-size\"><em>Courriel : <\/em><a href=\"mailto:queergeek@caramail.com\">queergeek@caramail.com<\/a><\/li>\n\n\n\n<li class=\"has-small-font-size\"><em>Web (F\u00e9divers) : <\/em><a href=\"https:\/\/eldritch.cafe\/@queergeek\">https:\/\/eldritch.cafe\/@queergeek<\/a><\/li>\n\n\n\n<li class=\"has-small-font-size\"><em>Bluesky : <\/em><a href=\"https:\/\/bsky.app\/profile\/queergeeknamur.bsky.social\">https:\/\/bsky.app\/profile\/queergeeknamur.bsky.social<\/a><\/li>\n<\/ul>\n","protected":false},"excerpt":{"rendered":"<p>Notre agenda mensuel est en cours de r\u00e9organisation. En attendant, nous vous sugg\u00e9rons de vous r\u00e9f\u00e9rer aux indications horaires pr\u00e9sentes dans chaque pr\u00e9sentation ci-dessous, ainsi que sur les sites respectifs des associations. Pr\u00e9sentation des associations Activ&rsquo;elles asbl Activ&rsquo;elles organise des activit\u00e9s sportives et de loisirs pour et par des lesbiennes. Durant leur papote, il y [&hellip;]<\/p>\n","protected":false},"author":1,"featured_media":223,"parent":0,"menu_order":0,"comment_status":"closed","ping_status":"closed","template":"","meta":{"footnotes":""},"class_list":["post-191","page","type-page","status-publish","has-post-thumbnail","hentry"],"_links":{"self":[{"href":"https:\/\/macnamur.be\/index.php\/wp-json\/wp\/v2\/pages\/191","targetHints":{"allow":["GET"]}}],"collection":[{"href":"https:\/\/macnamur.be\/index.php\/wp-json\/wp\/v2\/pages"}],"about":[{"href":"https:\/\/macnamur.be\/index.php\/wp-json\/wp\/v2\/types\/page"}],"author":[{"embeddable":true,"href":"https:\/\/macnamur.be\/index.php\/wp-json\/wp\/v2\/users\/1"}],"replies":[{"embeddable":true,"href":"https:\/\/macnamur.be\/index.php\/wp-json\/wp\/v2\/comments?post=191"}],"version-history":[{"count":17,"href":"https:\/\/macnamur.be\/index.php\/wp-json\/wp\/v2\/pages\/191\/revisions"}],"predecessor-version":[{"id":311,"href":"https:\/\/macnamur.be\/index.php\/wp-json\/wp\/v2\/pages\/191\/revisions\/311"}],"wp:featuredmedia":[{"embeddable":true,"href":"https:\/\/macnamur.be\/index.php\/wp-json\/wp\/v2\/media\/223"}],"wp:attachment":[{"href":"https:\/\/macnamur.be\/index.php\/wp-json\/wp\/v2\/media?parent=191"}],"curies":[{"name":"wp","href":"https:\/\/api.w.org\/{rel}","templated":true}]}}